{"id":10566,"date":"2022-04-26T11:38:58","date_gmt":"2022-04-26T11:38:58","guid":{"rendered":"https:\/\/protect-lawyers.org\/case\/gamal-eid\/"},"modified":"2025-03-18T12:25:59","modified_gmt":"2025-03-18T12:25:59","slug":"gamal-eid","status":"publish","type":"listing","link":"https:\/\/protect-lawyers.org\/de\/case\/gamal-eid\/","title":{"rendered":"Gamal Eid"},"content":{"rendered":"<h2>EGYPTE: Menaces et agressions \u00e0 l\u2019encontre de l\u2019avocat d\u00e9fenseur des droits de l\u2019Homme Gamal Eid<\/h2>\n<p>&nbsp;<\/p>\n<p>Gamal Eid est un \u00e9minent avocat et d\u00e9fenseur des droits \u00e9gyptien, notamment en mati\u00e8re de libert\u00e9 d\u2019expression. Il est le fondateur de The Arabic Network for Human Rights Information (<a href=\"https:\/\/www.anhri.info\/?lang=en\" target=\"_blank\" rel=\"noopener\">ANHRI<\/a>) en 2003, qui promeut la libert\u00e9 d\u2019expression en Egypte et fournit une assistance juridique aux d\u00e9fenseurs des droits de l\u2019Homme ainsi qu\u2019aux journalistes. Son association se voit d\u00e9cerner le Human Dignity Award en 2011 par la fondation Roland Berger. Gamal Eid re\u00e7oit, \u00e9galement en 2011, le prix de Leader pour la d\u00e9mocratie par le Projet sur la d\u00e9mocratie au Moyen Orient (POMED).<\/p>\n<p><strong>Depuis 2016, l\u2019avocat Gamal Eid est victime de harc\u00e8lement judiciaire dans le cadre de l\u2019affaire des \u00ab\u00a0financements \u00e9trangers\u00a0\u00bb<\/strong>, dite affaire n\u00b0173 qui met en cause plus d\u2019une quarantaine d\u2019organisations et leurs repr\u00e9sentants. Les comptes et avoirs familiaux de l\u2019avocat ont \u00e9t\u00e9 gel\u00e9s sur ordre du Tribunal p\u00e9nal du Caire. Gamal Eid ne peut pas non plus quitter le territoire et pourrait risquer jusqu\u2019\u00e0 25 ans de prison. En juin 2019, la Cour p\u00e9nale du Caire a report\u00e9 au 14 septembre 2049 l\u2019examen d\u2019une demande d\u2019annulation de l\u2019interdiction de voyage impos\u00e9e \u00e0 l\u2019avocat et \u00e0 d\u2019autres d\u00e9fenseurs des droits de l\u2019Homme ; le 14 septembre 2019, elle a report\u00e9 \u00e0 nouveau l\u2019audience au 17 novembre 2019.<\/p>\n<p><strong>Par ailleurs, depuis le 30 septembre 2019, l\u2019avocat Gamal Eid est la cible de menaces, d\u2019agressions et d\u2019actes de vandalisme.<\/strong>\u00a0Il re\u00e7oit des appels t\u00e9l\u00e9phoniques et des SMS lui recommandant de cesser ses activit\u00e9s et de \u00ab\u00a0bien se comporter\u00a0\u00bb. Sa voiture est vol\u00e9e le 30 septembre dans une des rues principales aux heures de pointe. La voiture a \u00e9t\u00e9 identifi\u00e9e par diff\u00e9rentes cam\u00e9ras de surveillance, mais l\u2019enqu\u00eate a pourtant \u00e9t\u00e9 class\u00e9e.<\/p>\n<p>Le 10 octobre 2019, l\u2019avocat est victime d\u2019une agression par deux hommes arm\u00e9s en civil qui tentent de lui voler son t\u00e9l\u00e9phone et son ordinateur. Il est bless\u00e9 au bras et \u00e0 la jambe et a de nombreuses c\u00f4tes fractur\u00e9es. Aucune enqu\u00eate n\u2019a \u00e9t\u00e9 ouverte concernant cette attaque, bien que Gamal Eid se soit rendu au poste de police.<\/p>\n<p>Le 30 octobre, l\u2019avocat re\u00e7oit un appel t\u00e9l\u00e9phonique le mena\u00e7ant et le lendemain, la voiture qu\u2019il avait emprunt\u00e9e suite au vol de son propre v\u00e9hicule, a \u00e9t\u00e9 vandalis\u00e9e. Les voisins de l\u2019avocat ont rapport\u00e9 avoir vu plus t\u00f4t, plusieurs personnes portant des armes \u00e0 feu s\u2019arr\u00eater devant le v\u00e9hicule, puis appeler quelqu\u2019un pour donner les d\u00e9tails du v\u00e9hicule.<\/p>\n<p>Dans le cadre de la vaste r\u00e9pression visant des d\u00e9fenseurs des droits de l\u2019Homme, les autorit\u00e9s \u00e9gyptiennes ont arbitrairement d\u00e9tenu au moins 16 avocats dans l\u2019exercice de leurs fonctions comme\u00a0Mahinour el-Masry,\u00a0Haysam Mohamadann, Ziad el Alimy, Mohamed El Baker (directeur du Centre d\u2019Adalah des droits et libert\u00e9s) et Esraa Abdel Fattah. Amr Imam, avocat et coll\u00e8gue de Gamal Eid a \u00e9galement \u00e9t\u00e9 arr\u00eat\u00e9 le 16 octobre 2019 alors qu\u2019il avait annonc\u00e9 publiquement vouloir entamer une gr\u00e8ve de la faim pour d\u00e9noncer les abus de la police et les arrestations arbitraires.<\/p>\n<p>De tels actes de la part des autorit\u00e9s vont \u00e0 l\u2019encontre des principes du droit international et des obligations qui incombent \u00e0 l\u2019Egypte, notamment en vertu des\u00a0<a href=\"http:\/\/elearning.icrc.org\/detention\/fr\/story_content\/external_files\/R%c3%b4le%20du%20barreau%20(1990).pdf\" target=\"_blank\" rel=\"noopener\">Principes de base relatifs au r\u00f4le du barreau<\/a>\u00a0de 1990 et notamment\u00a0:<\/p>\n<ul>\n<li><strong>Principe n\u00b016<\/strong>:\u00a0<em>\u00ab\u00a0les pouvoirs publics veillent \u00e0 ce que les avocats a) puissent s\u2019acquitter de toutes leurs fonctions professionnelles sans entrave, intimidation, harc\u00e8lement ni ing\u00e9rence indue\u00a0<\/em>\u00bb\u00a0;<\/li>\n<li><strong>Principe n\u00b017<\/strong>: \u00ab\u00a0<em>Lorsque la s\u00e9curit\u00e9 des avocats est menac\u00e9e dans l\u2019exercice de leurs fonctions, ils doivent \u00eatre prot\u00e9g\u00e9s comme il convient par les autorit\u00e9s<\/em>\u00a0\u00bb.<\/li>\n<\/ul>\n<p>&nbsp;<\/p>\n<p><strong>L\u2019OIAD<\/strong>\u00a0se d\u00e9clare extr\u00eamement pr\u00e9occup\u00e9 par les menaces constantes contre l\u2019int\u00e9grit\u00e9 physique et morale de l\u2019avocat Gamal Eid.<\/p>\n<p><strong>L\u2019OIAD<\/strong>\u00a0exhorte les autorit\u00e9s \u00e9gyptiennes \u00e0 tout mettre en \u0153uvre pour que la protection de l\u2019avocat soit assur\u00e9e et qu\u2019une enqu\u00eate impartiale et transparente soit men\u00e9e sur les actes commis \u00e0 son encontre et que leurs auteurs soient identifi\u00e9s.<\/p>\n<p><strong>L\u2019OIAD<\/strong>\u00a0rejoint\u00a0l\u2019<a href=\"https:\/\/www.ohchr.org\/EN\/NewsEvents\/Pages\/DisplayNews.aspx?NewsID=25217&amp;LangID=E&amp;fbclid=IwAR2jQz3xS0sG0PGks-f970xtlFrluzQCmUCDEI74FWbEwVNB7uQGPRzBgLg\" target=\"_blank\" rel=\"noopener\">appel des Rapporteurs sp\u00e9ciaux de l\u2019ONU<\/a>\u00a0pour demander aux autorit\u00e9s \u00e9gyptiennes de respecter le droit \u00e0 la libert\u00e9 d\u2019expression, d\u2019assembl\u00e9e et d\u2019association des citoyens \u00e9gyptiens.<\/p>\n<p><strong>L\u2019OIAD<\/strong>\u00a0rejoint l\u2019<a href=\"https:\/\/www.omct.org\/human-rights-defenders\/urgent-interventions\/egypt\/2019\/11\/d25580\/\" target=\"_blank\" rel=\"noopener\">appel lanc\u00e9<\/a>\u00a0par l\u2019Observatoire pour la protection des d\u00e9fenseurs des droits de l\u2019Homme (partenariat entre la F\u00e9d\u00e9ration internationale des droits de l\u2019homme, FIDH, et l\u2019Organisation mondiale contre la torture, l\u2019OMCT)\u00a0:<\/p>\n<p><strong>Actions requises<\/strong><\/p>\n<p>Veuillez \u00e9crire aux autorit\u00e9s \u00e9gyptiennes pour leur demander de le faire :<\/p>\n<ol>\n<li>Garantir en toutes circonstances l\u2019int\u00e9grit\u00e9 physique et le bien-\u00eatre psychologique de MM. Gamal Eid et Amr Imam ainsi que de tous les d\u00e9fenseurs des droits humains en Egypte ;<\/li>\n<li>Mener une enqu\u00eate transparente, impartiale, imm\u00e9diate et approfondie sur les \u00e9v\u00e9nements susmentionn\u00e9s afin d\u2019identifier tous les responsables, de les traduire devant un tribunal ind\u00e9pendant et de les sanctionner comme le pr\u00e9voit la loi ;<\/li>\n<li>Lib\u00e9rer imm\u00e9diatement et sans condition M. Amr Imam, car sa d\u00e9tention est arbitraire, car elle semble ne viser qu\u2019\u00e0 le punir pour ses activit\u00e9s l\u00e9gitimes en faveur des droits humains ;<\/li>\n<li>Mettre fin \u00e0 tous les actes de harc\u00e8lement, y compris au niveau judiciaire, \u00e0 l\u2019encontre de MM. Gamal Eid et Amr Imam et de tous les d\u00e9fenseurs des droits humains en \u00c9gypte et veiller \u00e0 ce qu\u2019ils puissent mener leurs activit\u00e9s sans entrave ;<\/li>\n<li>Se conformer en toutes circonstances aux dispositions de la D\u00e9claration sur les d\u00e9fenseurs des droits de l\u2019homme, adopt\u00e9e le 9 d\u00e9cembre 1998 par l\u2019Assembl\u00e9e g\u00e9n\u00e9rale des Nations Unies, en particulier ses articles 1 et 12.2 ;<\/li>\n<li>Garantir en toutes circonstances le respect des droits de l\u2019homme et des libert\u00e9s fondamentales conform\u00e9ment aux instruments internationaux relatifs aux droits de l\u2019homme ratifi\u00e9s par l\u2019\u00c9gypte.<\/li>\n<\/ol>\n<p>&nbsp;<\/p>\n<p>Adresses :<\/p>\n<ol>\n<li>Pr\u00e9sident de la R\u00e9publique arabe d\u2019Egypte, S.E. Abdel Fattah el-Sisi, Fax : +202 2391 1441. Courriel :\u00a0<a href=\"mailto:p.spokesman@op.gov.eg\">spokesman@op.gov.eg<\/a>, Twitter : AlsisiOfficiel<\/li>\n<li>Le Premier ministre, M. Mustafa Kemal Madbouly Mohamed. Courriel :\u00a0<a href=\"mailto:pm@cabinet.gov.eg\">pm@cabinet.gov.eg<\/a><\/li>\n<li>Ministre de l\u2019Int\u00e9rieur, M. Mahmoud Tawfik, Email :\u00a0<a href=\"mailto:center@iscmi.gov.eg\">center@iscmi.gov.eg<\/a><\/li>\n<li>Ministre de la Justice, M. Mohamed Hossam Abdel-Rahim, Fax : +202 2795 8103<\/li>\n<li>Procureur, Conseiller Nabeel Sadek, Fax : +202 2577 4716<\/li>\n<li>Alaa Abed, Pr\u00e9sident du Comit\u00e9 des droits de l\u2019homme du Parlement \u00e9gyptien, Courriel :\u00a0<a href=\"mailto:humanrightscomplaints@parliament.gov.eg\">humanrightscomplaints@parliament.gov.eg<\/a><\/li>\n<li>Mohamed Fayeq, Pr\u00e9sident du Conseil national des droits de l\u2019homme, Fax : + 202 25747497 \/ 25747670. Courriel :\u00a0<a href=\"mailto:nchr@nchr.org.eg\">nchr@nchr.org.eg<\/a><\/li>\n<li>E. M. Alaa Youssef, Ambassadeur, Mission permanente de l\u2019Egypte aupr\u00e8s de l\u2019Organisation des Nations Unies \u00e0 Gen\u00e8ve, Suisse, Email :\u00a0<a href=\"mailto:mission.egypt@bluewin.ch\">mission.egypt@bluewin.ch<\/a><\/li>\n<li>Ambassade d\u2019Egypte \u00e0 Bruxelles, Belgique, Fax : +32 2 675.58.88 ; Email :\u00a0embassy.egypt@skynet.be<\/li>\n<\/ol>\n<p>Veuillez \u00e9galement \u00e9crire aux missions diplomatiques ou aux ambassades de l\u2019\u00c9gypte dans votre pays respectif.<\/p>\n","protected":false},"author":1,"featured_media":0,"comment_status":"open","ping_status":"closed","template":"","meta":[],"listing_category":[52],"event_category":[],"service_category":[],"rental_category":[],"classifieds_category":[],"listing_feature":[],"region":[124,1860],"class_list":["post-10566","listing","type-listing","status-publish","hentry","listing_category-bedroht","region-afrika","region-aegypten"],"_links":{"self":[{"href":"https:\/\/protect-lawyers.org\/de\/wp-json\/wp\/v2\/listing\/10566","targetHints":{"allow":["GET"]}}],"collection":[{"href":"https:\/\/protect-lawyers.org\/de\/wp-json\/wp\/v2\/listing"}],"about":[{"href":"https:\/\/protect-lawyers.org\/de\/wp-json\/wp\/v2\/types\/listing"}],"author":[{"embeddable":true,"href":"https:\/\/protect-lawyers.org\/de\/wp-json\/wp\/v2\/users\/1"}],"replies":[{"embeddable":true,"href":"https:\/\/protect-lawyers.org\/de\/wp-json\/wp\/v2\/comments?post=10566"}],"version-history":[{"count":2,"href":"https:\/\/protect-lawyers.org\/de\/wp-json\/wp\/v2\/listing\/10566\/revisions"}],"predecessor-version":[{"id":21537,"href":"https:\/\/protect-lawyers.org\/de\/wp-json\/wp\/v2\/listing\/10566\/revisions\/21537"}],"wp:attachment":[{"href":"https:\/\/protect-lawyers.org\/de\/wp-json\/wp\/v2\/media?parent=10566"}],"wp:term":[{"taxonomy":"listing_category","embeddable":true,"href":"https:\/\/protect-lawyers.org\/de\/wp-json\/wp\/v2\/listing_category?post=10566"},{"taxonomy":"event_category","embeddable":true,"href":"https:\/\/protect-lawyers.org\/de\/wp-json\/wp\/v2\/event_category?post=10566"},{"taxonomy":"service_category","embeddable":true,"href":"https:\/\/protect-lawyers.org\/de\/wp-json\/wp\/v2\/service_category?post=10566"},{"taxonomy":"rental_category","embeddable":true,"href":"https:\/\/protect-lawyers.org\/de\/wp-json\/wp\/v2\/rental_category?post=10566"},{"taxonomy":"classifieds_category","embeddable":true,"href":"https:\/\/protect-lawyers.org\/de\/wp-json\/wp\/v2\/classifieds_category?post=10566"},{"taxonomy":"listing_feature","embeddable":true,"href":"https:\/\/protect-lawyers.org\/de\/wp-json\/wp\/v2\/listing_feature?post=10566"},{"taxonomy":"region","embeddable":true,"href":"https:\/\/protect-lawyers.org\/de\/wp-json\/wp\/v2\/region?post=10566"}],"curies":[{"name":"wp","href":"https:\/\/api.w.org\/{rel}","templated":true}]}}