{"id":12055,"date":"2022-09-30T14:54:05","date_gmt":"2022-09-30T14:54:05","guid":{"rendered":"https:\/\/protect-lawyers.org\/case\/czarina-musni\/"},"modified":"2025-03-26T11:17:47","modified_gmt":"2025-03-26T11:17:47","slug":"czarina-musni","status":"publish","type":"listing","link":"https:\/\/protect-lawyers.org\/de\/case\/czarina-musni\/","title":{"rendered":"Czarina Musni"},"content":{"rendered":"<h2>Philippinen: Menschenrechtsanw\u00e4ltin und Aktivistin Czarina Musni offen bedroht, verfolgt und schikaniert<\/h2>\n<p><strong>Mittwoch, 14. Juli 2021<\/strong><\/p>\n<p>&nbsp;<\/p>\n<p><strong>Die philippinische Menschenrechtsanw\u00e4ltin Czarina Musni wurde aufgrund st\u00e4ndiger Drohungen gezwungen, ihr Land zu verlassen.<\/strong><\/p>\n<p><strong>Czarina Golda S. Musni<\/strong>\u00a0ist eine engagierte Menschenrechtsanw\u00e4ltin aus Mindanao auf den Philippinen, die Mitglied der National Union of Peoples\u2018 Lawyers (NUPL) und ihrer Schwesterorganisation in Mindanao, der Union of Peoples\u2018 Lawyers in Mindanao (UPLM) ist. Diese Organisationen werden von Anw\u00e4lten, Jurastudenten und Anwaltsgehilfen gebildet, die den Opfern von Menschenrechtsverletzungen ehrenamtliche juristische Dienste anbieten.<\/p>\n<p>Wie das OIAD k\u00fcrzlich in einer\u00a0gemeinsamen\u00a0Erkl\u00e4rung\u00a0mit 29 anderen Organisationen verurteilte, nehmen die Angriffe auf Anw\u00e4lte, die in hochkar\u00e4tige oder Menschenrechtsf\u00e4lle auf den Philippinen involviert sind, weiter zu und die Zahl der T\u00f6tungen hat seit dem Beginn der Regierung von Pr\u00e4sident Duterte vor f\u00fcnf Jahren ein Rekordhoch erreicht.<\/p>\n<p>In diesem Zusammenhang konzentriert die Anw\u00e4ltin Czarina Musni ihre Arbeit auf die Verteidigung von schutzbed\u00fcrftigen Menschen und der Landrechte der lokalen indigenen Gemeinden sowie gegen Unternehmen der Rohstoffindustrie und stellt sich damit gewichtigen Interessen entgegen, die in v\u00f6lliger Harmonie mit der Regierung arbeiten.<\/p>\n<p><strong>Aufgrund ihrer Arbeit als Menschenrechtsanw\u00e4ltin und ihres Engagements f\u00fcr die indigene Gemeinschaft ist sie offen bedroht, verfolgt und schikaniert worden<\/strong>. Wie viele andere Menschenrechtsanw\u00e4lte und -verteidiger auf den Philippinen ist auch Czarina ein Opfer des \u201eRed-tagging\u201c-Ph\u00e4nomens. \u201eRed-tagging\u201c ist eine unerbittliche Kampagne der \u00f6ffentlichen Verunglimpfung, die sie als \u201ekommunistische Fronten\u201c, \u201eStaatsfeinde\u201c oder Terroristen klassifiziert. Diese Praxis der \u00f6ffentlichen Verunglimpfung hat gef\u00e4hrliche Auswirkungen auf die Sicherheit, Freiheit und das Leben der Zielpersonen.<\/p>\n<p>Am 22. Februar 2019 wurde Czarina zum ersten Mal vom Staat als \u201eTerroristin\u201c bezeichnet, wegen ihrer Arbeit, zu der auch Angriffe auf NUPL und UPLM geh\u00f6ren. Diese Stigmatisierung wird in den Medien und sozialen Netzwerken ver\u00f6ffentlicht und weiterverbreitet.<\/p>\n<p>Als Folge dieser Situation\u00a0<strong>musste<\/strong>\u00a0<strong>sie das Land verlassen<\/strong>. Seit September 2020 hat Czarina internationalen Schutz erhalten, zun\u00e4chst in den Niederlanden und derzeit in Spanien. Ihre R\u00fcckkehr auf die Philippinen Ende Dezember war aufgrund der Hochrisikosituation f\u00fcr Menschenrechtsanw\u00e4lte auf den Philippinen und den konkreten Drohungen gegen sie am 10. Dezember (Internationaler Tag der Menschenrechte) nicht m\u00f6glich. Seitdem ist sie mehrfach angegriffen worden, wobei die letzte \u201eRed-tagging\u201c-Attacke am 6. Juni 2021 war .<\/p>\n<p>&nbsp;<\/p>\n<p><strong>Das OIAD verurteilt die Drohungen, Verfolgung und Schikanen gegen die Rechtsanw\u00e4ltin Czarina Musni aufs Sch\u00e4rfste.<\/strong><\/p>\n<p><strong>Das OIAD fordert die philippinischen Beh\u00f6rden auf, daf\u00fcr zu sorgen, dass jegliche Angriffe gegen Rechtsanw\u00e4ltin Czarina Musni und andere Menschenrechtsanw\u00e4lte auf den Philippinen eingestellt werden.<\/strong><\/p>\n<p>Das OIAD erinnert die philippinischen Beh\u00f6rden daran, dass die Unabh\u00e4ngigkeit der Anw\u00e4lte einer der wichtigsten Indikatoren f\u00fcr die Gesundheit der Demokratie und die Festigung der Rechtsstaatlichkeit ist. Dies steht im Einklang mit den Bestimmungen der UN-Grundprinzipien betreffend die Rolle der Rechtsanw\u00e4lte (1990):<\/p>\n<p>\u201e<em>Die Regierungen haben sicherzustellen, da\u00df Rechtsanw\u00e4lte a) in der Lage sind, alle ihre beruflichen Funktionen ohne Einsch\u00fcchterung, Behinderung, Bel\u00e4stigung oder unzul\u00e4ssige Einmischung auszu\u00fcben<\/em>;\u201c (Grundprinzip 16)<\/p>\n<p>\u201e<em>Ist die Sicherheit von Rechtsanw\u00e4lten infolge der Wahrnehmung ihrer Aufgaben bedroht, so sind sie von den Beh\u00f6rden angemessen zu sch\u00fctzen<\/em>.\u201c (Leitsatz 17)<\/p>\n<p>\u201e<em>Anw\u00e4lte haben wie andere B\u00fcrger das Recht auf freie Meinungs\u00e4u\u00dferung, Glaubensfreiheit, Vereinigungs- und Versammlungsfreiheit. Insbesondere haben sie das Recht, sich an der \u00f6ffentlichen Diskussion von Angelegenheiten zu beteiligen, die das Recht, die Rechtspflege und die F\u00f6rderung und den Schutz der Menschenrechte betreffen, und lokalen, nationalen oder internationalen Organisationen beizutreten oder solche zu gr\u00fcnden und an deren Versammlungen teilzunehmen, ohne wegen ihrer rechtm\u00e4\u00dfigen T\u00e4tigkeit oder ihrer Mitgliedschaft in einer rechtm\u00e4\u00dfigen Organisation berufliche Beschr\u00e4nkungen zu erleiden. Bei der Aus\u00fcbung dieser Rechte haben sich die Rechtsanw\u00e4lte stets in \u00dcbereinstimmung mit dem Gesetz und den anerkannten Normen und der Ethik des Anwaltsberufs zu verhalten<\/em>.\u201c (Grundprinzip 23)<\/p>\n<p>\u201e<em>Rechtsanw\u00e4lte sind berechtigt, zur Vertretung ihrer Interessen, zur F\u00f6rderung ihrer Fort- und Weiterbildung und zum Schutz ihrer beruflichen Integrit\u00e4t selbstverwaltete Berufsverb\u00e4nde zu bilden und ihnen beizutreten<\/em>.\u201c (Grundprinzip 24)<\/p>\n","protected":false},"author":1,"featured_media":0,"comment_status":"open","ping_status":"closed","template":"","meta":[],"listing_category":[52],"event_category":[],"service_category":[],"rental_category":[],"classifieds_category":[],"listing_feature":[],"region":[123,1991],"class_list":["post-12055","listing","type-listing","status-publish","hentry","listing_category-bedroht","region-asien","region-philippinen"],"_links":{"self":[{"href":"https:\/\/protect-lawyers.org\/de\/wp-json\/wp\/v2\/listing\/12055","targetHints":{"allow":["GET"]}}],"collection":[{"href":"https:\/\/protect-lawyers.org\/de\/wp-json\/wp\/v2\/listing"}],"about":[{"href":"https:\/\/protect-lawyers.org\/de\/wp-json\/wp\/v2\/types\/listing"}],"author":[{"embeddable":true,"href":"https:\/\/protect-lawyers.org\/de\/wp-json\/wp\/v2\/users\/1"}],"replies":[{"embeddable":true,"href":"https:\/\/protect-lawyers.org\/de\/wp-json\/wp\/v2\/comments?post=12055"}],"version-history":[{"count":1,"href":"https:\/\/protect-lawyers.org\/de\/wp-json\/wp\/v2\/listing\/12055\/revisions"}],"predecessor-version":[{"id":21896,"href":"https:\/\/protect-lawyers.org\/de\/wp-json\/wp\/v2\/listing\/12055\/revisions\/21896"}],"wp:attachment":[{"href":"https:\/\/protect-lawyers.org\/de\/wp-json\/wp\/v2\/media?parent=12055"}],"wp:term":[{"taxonomy":"listing_category","embeddable":true,"href":"https:\/\/protect-lawyers.org\/de\/wp-json\/wp\/v2\/listing_category?post=12055"},{"taxonomy":"event_category","embeddable":true,"href":"https:\/\/protect-lawyers.org\/de\/wp-json\/wp\/v2\/event_category?post=12055"},{"taxonomy":"service_category","embeddable":true,"href":"https:\/\/protect-lawyers.org\/de\/wp-json\/wp\/v2\/service_category?post=12055"},{"taxonomy":"rental_category","embeddable":true,"href":"https:\/\/protect-lawyers.org\/de\/wp-json\/wp\/v2\/rental_category?post=12055"},{"taxonomy":"classifieds_category","embeddable":true,"href":"https:\/\/protect-lawyers.org\/de\/wp-json\/wp\/v2\/classifieds_category?post=12055"},{"taxonomy":"listing_feature","embeddable":true,"href":"https:\/\/protect-lawyers.org\/de\/wp-json\/wp\/v2\/listing_feature?post=12055"},{"taxonomy":"region","embeddable":true,"href":"https:\/\/protect-lawyers.org\/de\/wp-json\/wp\/v2\/region?post=12055"}],"curies":[{"name":"wp","href":"https:\/\/api.w.org\/{rel}","templated":true}]}}