{"id":20595,"date":"2024-10-23T11:56:12","date_gmt":"2024-10-23T11:56:12","guid":{"rendered":"https:\/\/protect-lawyers.org\/case\/mohammadreza-faghihi\/"},"modified":"2025-02-24T12:03:32","modified_gmt":"2025-02-24T12:03:32","slug":"mohammadreza-faghihi","status":"publish","type":"listing","link":"https:\/\/protect-lawyers.org\/de\/case\/mohammadreza-faghihi\/","title":{"rendered":"Mohammadreza Faghihi"},"content":{"rendered":"<h2><span lang=\"DE\">Iran: Rechtsanwalt Mohammadreza Faghihi von der iranischen Justiz zu f\u00fcnf Jahren Haft verurteilt<\/span><\/h2>\n<p><strong>23. Oktober 2024<\/strong><\/p>\n<p>&nbsp;<\/p>\n<p><strong>Mohammadreza Faghihi ist ein iranischer Anwalt, der sich auf die Verteidigung von Menschenrechten spezialisiert hat.\u00a0Er wurde zu f\u00fcnf Jahren Haft verurteilt, weil er am 12. Oktober 2022 an einer legalen und friedlichen Demonstration teilgenommen hatte.<\/strong><\/p>\n<p>Die Demonstration war zur Unterst\u00fctzung der Rechte von Rechtsanw\u00e4lten und als Reaktion auf die willk\u00fcrlichen Verhaftungen nach dem Tod von Mahsa Amini organisiert worden. Sie fand vor der iranischen Anwaltskammer statt, die sich entschieden hatte, ihre T\u00fcren an diesem Tag f\u00fcr Demonstranten zu schlie\u00dfen.<\/p>\n<p>Rechtsanwalt Faghihi wurde zu f\u00fcnf Jahren Haft und zwei Jahren Berufsverbot verurteilt und darf nicht mehr reisen.<\/p>\n<p>Seit mehreren Jahren versagt die iranische Anwaltskammer beim Schutz von Kollegen, die Opfer von Repressionen geworden sind. Dies gilt insbesondere f\u00fcr das traurige Beispiel von Maryam Arvin, Narges Khorramifard und Mohabbat Mozaffari sowie f\u00fcr die zahlreichen Anw\u00e4lte, die die Bewegung \u201eFrau, Leben, Freiheit\u201c verteidigt haben.<\/p>\n<p>Mehrere Anw\u00e4lte wurden wegen ihres Einsatzes f\u00fcr die Menschenrechte zu langen Haftstrafen verurteilt, ins Exil gezwungen, von ihren \u00c4mtern suspendiert oder bedroht.<\/p>\n<p>Die Frontline Lawyers Association (Vereinigung der Anw\u00e4lte an der Frontlinie) verurteilte das Strafma\u00df gegen RA Faghihi in einer von ihren Mitgliedern unterzeichneten Erkl\u00e4rung.<\/p>\n<p><strong>Das Observatorium verurteilt<\/strong>\u00a0diese Verletzung der Grund- und Berufsrechte von Rechtsanw\u00e4lten\u00a0aufs Sch\u00e4rfste.<\/p>\n<p><strong>Das Observatorium fordert die iranischen Beh\u00f6rden nachdr\u00fccklich auf<\/strong>, die Schikanen gegen Rechtsanwalt Faghihi und die iranischen Rechtsanw\u00e4lte, die ihren Beruf mutig aus\u00fcben, einzustellen.<\/p>\n<p><strong>Das Observatorium fordert das iranische Regime auf<\/strong>, den Empfehlungen nachzukommen, die im Rahmen der\u00a0allgemeinen regelm\u00e4\u00dfigen \u00dcberpr\u00fcfung\u00a0an das Regime\u00a0gerichtet wurden.<\/p>\n<p><strong>Das Observatorium erinnert daran<\/strong>, dass nach den\u00a0Grundprinzipien der Vereinten Nationen \u00fcber die Rolle der Anwaltschaft, insbesondere den\u00a0Grunds\u00e4tzen 16, 18 und 23:<\/p>\n<p>\u201eDie Beh\u00f6rden m\u00fcssen sicherstellen, dass Rechtsanw\u00e4lte a)\u00a0<strong>alle ihre beruflichen Aufgaben ohne Behinderung, Einsch\u00fcchterung, Bel\u00e4stigung oder unzul\u00e4ssige Einmischung<\/strong>\u00a0erf\u00fcllen k\u00f6nnen; b) frei reisen und ihre Mandanten im In- und Ausland konsultieren k\u00f6nnen; und c) f\u00fcr alle Ma\u00dfnahmen, die sie in \u00dcbereinstimmung mit ihren anerkannten Berufspflichten und -standards sowie ihrem Berufsethos ergreifen, nicht Gegenstand von Verfolgung oder wirtschaftlichen oder anderen Sanktionen sind oder damit bedroht werden.\u201c\u00a0(Grundsatz 16)<\/p>\n<p>\u201eRechtsanw\u00e4lte d\u00fcrfen\u00a0aufgrund der Aus\u00fcbung ihrer T\u00e4tigkeit\u00a0nicht mit ihren Mandanten\u00a0oder der Sache ihrer Mandanten\u00a0gleichgesetzt werden.\u201c\u00a0(Grundsatz 18)<\/p>\n<p>\u201e<b><i>Rechtsanw\u00e4lte m\u00fcssen wie alle anderen B\u00fcrger das Recht auf freie Meinungs\u00e4u\u00dferung, Glaubensfreiheit, Vereinigungs- und Versammlungsfreiheit genie\u00dfen<\/i><\/b><i>.<\/i><\/p>\n<p>Insbesondere haben sie das Recht, an \u00f6ffentlichen Diskussionen \u00fcber das Recht, die Rechtspflege und die F\u00f6rderung und den Schutz der Menschenrechte teilzunehmen und lokalen, nationalen oder internationalen Organisationen beizutreten\u201c<br \/>\n. (Grundsatz 23)<\/p>\n","protected":false},"author":1,"featured_media":0,"comment_status":"open","ping_status":"closed","template":"","meta":[],"listing_category":[62],"event_category":[],"service_category":[],"rental_category":[],"classifieds_category":[],"listing_feature":[],"region":[123,1937],"class_list":["post-20595","listing","type-listing","status-publish","hentry","listing_category-inhaftiert","region-asien","region-iran-de"],"_links":{"self":[{"href":"https:\/\/protect-lawyers.org\/de\/wp-json\/wp\/v2\/listing\/20595","targetHints":{"allow":["GET"]}}],"collection":[{"href":"https:\/\/protect-lawyers.org\/de\/wp-json\/wp\/v2\/listing"}],"about":[{"href":"https:\/\/protect-lawyers.org\/de\/wp-json\/wp\/v2\/types\/listing"}],"author":[{"embeddable":true,"href":"https:\/\/protect-lawyers.org\/de\/wp-json\/wp\/v2\/users\/1"}],"replies":[{"embeddable":true,"href":"https:\/\/protect-lawyers.org\/de\/wp-json\/wp\/v2\/comments?post=20595"}],"version-history":[{"count":1,"href":"https:\/\/protect-lawyers.org\/de\/wp-json\/wp\/v2\/listing\/20595\/revisions"}],"predecessor-version":[{"id":20603,"href":"https:\/\/protect-lawyers.org\/de\/wp-json\/wp\/v2\/listing\/20595\/revisions\/20603"}],"wp:attachment":[{"href":"https:\/\/protect-lawyers.org\/de\/wp-json\/wp\/v2\/media?parent=20595"}],"wp:term":[{"taxonomy":"listing_category","embeddable":true,"href":"https:\/\/protect-lawyers.org\/de\/wp-json\/wp\/v2\/listing_category?post=20595"},{"taxonomy":"event_category","embeddable":true,"href":"https:\/\/protect-lawyers.org\/de\/wp-json\/wp\/v2\/event_category?post=20595"},{"taxonomy":"service_category","embeddable":true,"href":"https:\/\/protect-lawyers.org\/de\/wp-json\/wp\/v2\/service_category?post=20595"},{"taxonomy":"rental_category","embeddable":true,"href":"https:\/\/protect-lawyers.org\/de\/wp-json\/wp\/v2\/rental_category?post=20595"},{"taxonomy":"classifieds_category","embeddable":true,"href":"https:\/\/protect-lawyers.org\/de\/wp-json\/wp\/v2\/classifieds_category?post=20595"},{"taxonomy":"listing_feature","embeddable":true,"href":"https:\/\/protect-lawyers.org\/de\/wp-json\/wp\/v2\/listing_feature?post=20595"},{"taxonomy":"region","embeddable":true,"href":"https:\/\/protect-lawyers.org\/de\/wp-json\/wp\/v2\/region?post=20595"}],"curies":[{"name":"wp","href":"https:\/\/api.w.org\/{rel}","templated":true}]}}