{"id":20152,"date":"2025-02-13T11:33:06","date_gmt":"2025-02-13T11:33:06","guid":{"rendered":"https:\/\/protect-lawyers.org\/case\/omar-antonio-mendoza-gil\/"},"modified":"2025-02-17T11:40:58","modified_gmt":"2025-02-17T11:40:58","slug":"omar-antonio-mendoza-gil","status":"publish","type":"listing","link":"https:\/\/protect-lawyers.org\/it\/case\/omar-antonio-mendoza-gil\/","title":{"rendered":"Omar Antonio Mendoza Gil"},"content":{"rendered":"<h2>VENEZUELA : L\u2019avocat Omar Antonio Mendoza Gil contraint de quitter le pays \u00e0 la suite de menaces, de harc\u00e8lement et de tentatives de criminalisation<\/h2>\n<p><strong>13 f\u00e9vrier 2025<\/strong><\/p>\n<p>&nbsp;<\/p>\n<p>Omar Antonio Mendoza Gil est un avocat sp\u00e9cialis\u00e9 dans les droits humains et coordinateur du plaidoyer de l\u2019organisation Iniciativa por una Justicia Igualitaria. Dans le cadre de son travail, il a coordonn\u00e9 le soutien juridique aux victimes de pers\u00e9cutions et de d\u00e9tentions arbitraires au Venezuela et a d\u00e9nonc\u00e9 des actes de corruption. Il a \u00e9galement travaill\u00e9 comme enqu\u00eateur adjoint dans des affaires li\u00e9es \u00e0 l\u2019enqu\u00eate de la Cour p\u00e9nale internationale sur le Venezuela.<\/p>\n<p>En raison de sa pratique professionnelle, Omar Mendoza a fait l\u2019objet de\u00a0<strong>menaces, de harc\u00e8lement et de tentatives de criminalisation de lui et de sa famille<\/strong>. Sa situation de risque s\u2019est aggrav\u00e9e depuis qu\u2019il a pris la d\u00e9fense de l\u2019avocat Jecson Ricardo Cariel[1], d\u00e9tenu arbitrairement depuis ao\u00fbt 2022.<\/p>\n<p>Pr\u00e9occup\u00e9 par l\u2019absence de proc\u00e9dure r\u00e9guli\u00e8re dans les proc\u00e9dures judiciaires engag\u00e9es contre des d\u00e9fenseurs des droits humains criminalis\u00e9s, Omar Mendoza a d\u00e9cid\u00e9 de fuir le pays afin de pr\u00e9server sa vie et sa libert\u00e9. L\u2019avocat affirme avoir \u00e9t\u00e9 victime de pers\u00e9cutions extraterritoriales en dehors du Venezuela.<\/p>\n<p>R\u00e9cemment, dans le cadre des \u00e9lections du 28 juillet 2024 au Venezuela, plusieurs commissions du Service national de renseignement bolivarien (SEBIN) se sont rendues \u00e0 son domicile au Venezuela. Omar Mendoza d\u00e9nonce l\u2019annulation de son passeport, une mesure qui a \u00e9galement touch\u00e9 d\u2019autres avocats et d\u00e9fenseurs des droits humains en repr\u00e9sailles \u00e0 leur travail.<\/p>\n<p><strong>L\u2019Observatoire est pr\u00e9occup\u00e9<\/strong>\u00a0par ces actes d\u2019intimidation qui mettent en danger la pratique libre et ind\u00e9pendante du droit, ainsi que l\u2019acc\u00e8s effectif \u00e0 la justice pour les victimes.<\/p>\n<p><strong>L\u2019Observatoire appelle les autorit\u00e9s v\u00e9n\u00e9zu\u00e9liennes\u00a0<\/strong>\u00e0 cesser toutes les attaques contre l\u2019avocat\u00a0<strong>Omar Antonio Mendoza Gil<\/strong>\u00a0et les autres avocats des droits humains au Venezuela.<\/p>\n<p><strong>L\u2019Observatoire demande \u00e9galement\u00a0<\/strong>la lib\u00e9ration de l\u2019avocat Jecson Ricardo Cariel, d\u00e9tenu arbitrairement depuis ao\u00fbt 2022.<\/p>\n<p><strong>L\u2019Observatoire rappelle que,\u00a0<\/strong>conform\u00e9ment aux\u00a0<strong>Principes de base des Nations Unies relatifs au r\u00f4le du barreau<\/strong>, en particulier les\u00a0<strong>principes 16, 17 et 18<\/strong>\u00a0:<\/p>\n<p>\u00ab\u00a0<em>Les pouvoirs publics veillent \u00e0 ce que les avocats a)\u00a0<strong>puissent s\u2019acquitter de toutes leurs fonctions professionnelles sans entrave, intimidation, harc\u00e8lement ni ing\u00e9rence indue<\/strong>; b) puissent voyager et consulter leurs clients librement, dans le pays comme \u00e0 l\u2019\u00e9tranger; et c) ne fassent pas l\u2019objet, ni ne soient menac\u00e9s de poursuites ou de sanctions \u00e9conomiques ou autres pour toutes mesures prises conform\u00e9ment \u00e0 leurs obligations et normes professionnelles reconnues et \u00e0 leur d\u00e9ontologie.\u00a0\u00bb\u00a0<\/em>(<u>Principe 16<\/u>)<\/p>\n<p><em>\u00ab\u00a0Lorsque la s\u00e9curit\u00e9 des avocats est menac\u00e9e dans l\u2019exercice de leurs fonctions, ils doivent \u00eatre\u00a0<strong>prot\u00e9g\u00e9s comme il convient par les autorit\u00e9s<\/strong>.\u00a0\u00bb\u00a0<\/em>(<u>Principe 17<\/u>)<\/p>\n<p><em>\u00ab\u00a0Les\u00a0<strong>avocats ne doivent pas \u00eatre assimil\u00e9s \u00e0 leurs clients<\/strong>\u00a0ou \u00e0 la cause de leurs clients du fait de l\u2019exercice de leurs fonctions.<\/em>\u00a0<em>\u00bb\u00a0<\/em>(<u>Principe 18<\/u>)<\/p>\n<p>&nbsp;<\/p>\n<p>[1] Alerte de l\u2019OIAD : <a href=\"https:\/\/protect-lawyers.org\/en\/case\/jecson-ricardo-cariel-garcia\/\">https:\/\/protect-lawyers.org\/case\/jecson-ricardo-cariel-garcia\/<\/a><\/p>\n","protected":false},"author":1,"featured_media":0,"comment_status":"open","ping_status":"closed","template":"","meta":[],"listing_category":[53],"event_category":[],"service_category":[],"rental_category":[],"classifieds_category":[],"listing_feature":[],"region":[86,1896],"class_list":["post-20152","listing","type-listing","status-publish","hentry","listing_category-minacciato","region-america-it","region-venezuela-it"],"_links":{"self":[{"href":"https:\/\/protect-lawyers.org\/it\/wp-json\/wp\/v2\/listing\/20152","targetHints":{"allow":["GET"]}}],"collection":[{"href":"https:\/\/protect-lawyers.org\/it\/wp-json\/wp\/v2\/listing"}],"about":[{"href":"https:\/\/protect-lawyers.org\/it\/wp-json\/wp\/v2\/types\/listing"}],"author":[{"embeddable":true,"href":"https:\/\/protect-lawyers.org\/it\/wp-json\/wp\/v2\/users\/1"}],"replies":[{"embeddable":true,"href":"https:\/\/protect-lawyers.org\/it\/wp-json\/wp\/v2\/comments?post=20152"}],"version-history":[{"count":2,"href":"https:\/\/protect-lawyers.org\/it\/wp-json\/wp\/v2\/listing\/20152\/revisions"}],"predecessor-version":[{"id":20162,"href":"https:\/\/protect-lawyers.org\/it\/wp-json\/wp\/v2\/listing\/20152\/revisions\/20162"}],"wp:attachment":[{"href":"https:\/\/protect-lawyers.org\/it\/wp-json\/wp\/v2\/media?parent=20152"}],"wp:term":[{"taxonomy":"listing_category","embeddable":true,"href":"https:\/\/protect-lawyers.org\/it\/wp-json\/wp\/v2\/listing_category?post=20152"},{"taxonomy":"event_category","embeddable":true,"href":"https:\/\/protect-lawyers.org\/it\/wp-json\/wp\/v2\/event_category?post=20152"},{"taxonomy":"service_category","embeddable":true,"href":"https:\/\/protect-lawyers.org\/it\/wp-json\/wp\/v2\/service_category?post=20152"},{"taxonomy":"rental_category","embeddable":true,"href":"https:\/\/protect-lawyers.org\/it\/wp-json\/wp\/v2\/rental_category?post=20152"},{"taxonomy":"classifieds_category","embeddable":true,"href":"https:\/\/protect-lawyers.org\/it\/wp-json\/wp\/v2\/classifieds_category?post=20152"},{"taxonomy":"listing_feature","embeddable":true,"href":"https:\/\/protect-lawyers.org\/it\/wp-json\/wp\/v2\/listing_feature?post=20152"},{"taxonomy":"region","embeddable":true,"href":"https:\/\/protect-lawyers.org\/it\/wp-json\/wp\/v2\/region?post=20152"}],"curies":[{"name":"wp","href":"https:\/\/api.w.org\/{rel}","templated":true}]}}