{"id":2666,"date":"2021-10-25T08:48:27","date_gmt":"2021-10-25T08:48:27","guid":{"rendered":"https:\/\/protect-lawyers.org\/noticias\/"},"modified":"2025-03-12T12:39:14","modified_gmt":"2025-03-12T12:39:14","slug":"notizia","status":"publish","type":"page","link":"https:\/\/protect-lawyers.org\/it\/notizia\/","title":{"rendered":"Notizia"},"content":{"rendered":"\t\t<div data-elementor-type=\"wp-page\" data-elementor-id=\"2666\" class=\"elementor elementor-2666 elementor-1256\">\n\t\t\t\t\t\t<section class=\"elementor-section elementor-top-section elementor-element elementor-element-762c7578 elementor-section-full_width elementor-section-height-default elementor-section-height-default\" data-id=\"762c7578\" data-element_type=\"section\" data-e-type=\"section\">\n\t\t\t\t\t\t<div class=\"elementor-container elementor-column-gap-default\">\n\t\t\t\t\t<div class=\"elementor-column elementor-col-100 elementor-top-column elementor-element elementor-element-4d75be74\" data-id=\"4d75be74\" data-element_type=\"column\" data-e-type=\"column\">\n\t\t\t<div class=\"elementor-widget-wrap elementor-element-populated\">\n\t\t\t\t\t\t<div class=\"elementor-element elementor-element-650c052b premium-blog-align-left elementor-widget elementor-widget-premium-addon-blog\" data-id=\"650c052b\" data-element_type=\"widget\" data-e-type=\"widget\" data-settings=\"{&quot;premium_blog_columns_number&quot;:&quot;33.33%&quot;,&quot;force_height&quot;:&quot;true&quot;,&quot;premium_blog_grid&quot;:&quot;yes&quot;,&quot;premium_blog_layout&quot;:&quot;even&quot;,&quot;premium_blog_columns_number_tablet&quot;:&quot;50%&quot;,&quot;premium_blog_columns_number_mobile&quot;:&quot;100%&quot;,&quot;scroll_to_offset&quot;:&quot;yes&quot;}\" data-widget_type=\"premium-addon-blog.default\">\n\t\t\t\t<div class=\"elementor-widget-container\">\n\t\t\t\t\t\n\t\t\n\n\t\t\t\t<div class=\"premium-blog-wrap  premium-blog-even\" data-page=\"2666\" data-pagination=\"true\">\n\t\t\t\t\t\t\t\t\t<div class=\"premium-blog-post-outer-container\" data-total=\"15\">\n\t\t\t<div class=\"premium-blog-post-container premium-blog-skin-classic\">\n\t\t\t\t\t\t\t\t\t<div class=\"premium-blog-thumb-effect-wrapper\">\n\t\t\t\t\t\t<div class=\"premium-blog-thumbnail-container premium-blog-zoomin-effect\">\n\t\t\t\t\t\t\t<img fetchpriority=\"high\" decoding=\"async\" width=\"750\" height=\"492\" src=\"https:\/\/protect-lawyers.org\/wp-content\/uploads\/photo-Joint-Statement-Douglas-Coltart_Final.jpg\" class=\"attachment-full size-full wp-image-25650\" alt=\"\" srcset=\"https:\/\/protect-lawyers.org\/wp-content\/uploads\/photo-Joint-Statement-Douglas-Coltart_Final.jpg 750w, https:\/\/protect-lawyers.org\/wp-content\/uploads\/photo-Joint-Statement-Douglas-Coltart_Final-300x197.jpg 300w, https:\/\/protect-lawyers.org\/wp-content\/uploads\/photo-Joint-Statement-Douglas-Coltart_Final-590x387.jpg 590w, https:\/\/protect-lawyers.org\/wp-content\/uploads\/photo-Joint-Statement-Douglas-Coltart_Final-577x379.jpg 577w\" sizes=\"(max-width: 750px) 100vw, 750px\" \/>\t\t\t\t\t\t<\/div>\n\t\t\t\t\t\t\t\t\t\t\t\t\t<div class=\"premium-blog-thumbnail-overlay\">\n\t\t\t\t\t\t\t\t<a class=\"elementor-icon\" href=\"https:\/\/protect-lawyers.org\/it\/zimbabwe-international-lawyers-groups-call-on-government-to-protect-independence-of-lawyers-and-judges-following-attack-on-human-rights-lawyer-douglas-coltart-at-public-hearing\/\" target=\"_self\"><\/a>\n\t\t\t\t\t\t\t<\/div>\n\n\t\t\t\t\t\t\t\t\t\t\t\t\t\t\t\t\t\t<\/div>\n\t\t\t\t\t\t\t\t\t\t\t\t<div class=\"premium-blog-content-wrapper \">\n\n\t\t\t\t\t<div class=\"premium-blog-inner-container\">\n\n\t\t\t\t\t\t\t\t\t\t\t\t\t\t<h2 class=\"premium-blog-entry-title\">\n\t\t\t<a href=\"https:\/\/protect-lawyers.org\/it\/zimbabwe-international-lawyers-groups-call-on-government-to-protect-independence-of-lawyers-and-judges-following-attack-on-human-rights-lawyer-douglas-coltart-at-public-hearing\/\" target=\"_self\">\n\t\t\t\tZIMBABWE : International lawyers\u2019 groups call on government to protect independence of lawyers and judges following attack on human rights lawyer Douglas Coltart at public hearing\t\t\t<\/a>\n\t\t<\/h2>\n\t\t\t\t<div class=\"premium-blog-entry-meta\">\n\t\t\t\n\t\t\t\t\t\t\t<span class=\"premium-blog-meta-separator\">\u2022<\/span>\n\t\t\t\t<div class=\"premium-blog-post-time premium-blog-meta-data\">\n\t\t\t\t\t<i class=\"fa fa-calendar-alt\" aria-hidden=\"true\"><\/i>\n\t\t\t\t\t<span>23 Aprile 2026<\/span>\n\t\t\t\t<\/div>\n\t\t\t\n\t\t\t\n\t\t\t\t\t<\/div>\n\t\t\n\t\t\t\t\t<\/div>\n\n\t\t\t\t\t\t\t<div class=\"premium-blog-content-inner-wrapper\">\n\t\t<p class=\"premium-blog-post-content\">The OIAD, together with the undersigned organisations condemns the violence and intimidation against human rights \u2026<\/p>\t\t<\/div>\n\t\t\t\t\t\t\t\n\t\t\t\t<\/div>\n\t\t\t<\/div>\n\t\t<\/div>\n\n\t\t\t\t<div class=\"premium-blog-post-outer-container\" data-total=\"15\">\n\t\t\t<div class=\"premium-blog-post-container premium-blog-skin-classic\">\n\t\t\t\t\t\t\t\t\t<div class=\"premium-blog-thumb-effect-wrapper\">\n\t\t\t\t\t\t<div class=\"premium-blog-thumbnail-container premium-blog-zoomin-effect\">\n\t\t\t\t\t\t\t<img decoding=\"async\" width=\"850\" height=\"521\" src=\"https:\/\/protect-lawyers.org\/wp-content\/uploads\/Nasrin-Sotoudeh-and-Reza-Khandan-joint-statement-10.4.26.jpg\" class=\"attachment-full size-full wp-image-25489\" alt=\"\" srcset=\"https:\/\/protect-lawyers.org\/wp-content\/uploads\/Nasrin-Sotoudeh-and-Reza-Khandan-joint-statement-10.4.26.jpg 850w, https:\/\/protect-lawyers.org\/wp-content\/uploads\/Nasrin-Sotoudeh-and-Reza-Khandan-joint-statement-10.4.26-300x184.jpg 300w, https:\/\/protect-lawyers.org\/wp-content\/uploads\/Nasrin-Sotoudeh-and-Reza-Khandan-joint-statement-10.4.26-768x471.jpg 768w, https:\/\/protect-lawyers.org\/wp-content\/uploads\/Nasrin-Sotoudeh-and-Reza-Khandan-joint-statement-10.4.26-590x362.jpg 590w, https:\/\/protect-lawyers.org\/wp-content\/uploads\/Nasrin-Sotoudeh-and-Reza-Khandan-joint-statement-10.4.26-577x354.jpg 577w\" sizes=\"(max-width: 850px) 100vw, 850px\" \/>\t\t\t\t\t\t<\/div>\n\t\t\t\t\t\t\t\t\t\t\t\t\t<div class=\"premium-blog-thumbnail-overlay\">\n\t\t\t\t\t\t\t\t<a class=\"elementor-icon\" href=\"https:\/\/protect-lawyers.org\/it\/iran-urgent-call-for-intervention-concerning-the-renewed-arrest-of-nasrin-sotoudeh-and-the-continuing-detention-of-reza-khandan\/\" target=\"_self\"><\/a>\n\t\t\t\t\t\t\t<\/div>\n\n\t\t\t\t\t\t\t\t\t\t\t\t\t\t\t\t\t\t<\/div>\n\t\t\t\t\t\t\t\t\t\t\t\t<div class=\"premium-blog-content-wrapper \">\n\n\t\t\t\t\t<div class=\"premium-blog-inner-container\">\n\n\t\t\t\t\t\t\t\t\t\t\t\t\t\t<h2 class=\"premium-blog-entry-title\">\n\t\t\t<a href=\"https:\/\/protect-lawyers.org\/it\/iran-urgent-call-for-intervention-concerning-the-renewed-arrest-of-nasrin-sotoudeh-and-the-continuing-detention-of-reza-khandan\/\" target=\"_self\">\n\t\t\t\tIRAN: Urgent call for intervention concerning the renewed arrest of Nasrin Sotoudeh and the continuing detention of Reza Khandan\t\t\t<\/a>\n\t\t<\/h2>\n\t\t\t\t<div class=\"premium-blog-entry-meta\">\n\t\t\t\n\t\t\t\t\t\t\t<span class=\"premium-blog-meta-separator\">\u2022<\/span>\n\t\t\t\t<div class=\"premium-blog-post-time premium-blog-meta-data\">\n\t\t\t\t\t<i class=\"fa fa-calendar-alt\" aria-hidden=\"true\"><\/i>\n\t\t\t\t\t<span>13 Aprile 2026<\/span>\n\t\t\t\t<\/div>\n\t\t\t\n\t\t\t\n\t\t\t\t\t<\/div>\n\t\t\n\t\t\t\t\t<\/div>\n\n\t\t\t\t\t\t\t<div class=\"premium-blog-content-inner-wrapper\">\n\t\t<p class=\"premium-blog-post-content\">The OIAD together with 29 organisations of the Coalition for the International Day of the \u2026<\/p>\t\t<\/div>\n\t\t\t\t\t\t\t\n\t\t\t\t<\/div>\n\t\t\t<\/div>\n\t\t<\/div>\n\n\t\t\t\t<div class=\"premium-blog-post-outer-container\" data-total=\"15\">\n\t\t\t<div class=\"premium-blog-post-container premium-blog-skin-classic\">\n\t\t\t\t\t\t\t\t\t<div class=\"premium-blog-thumb-effect-wrapper\">\n\t\t\t\t\t\t<div class=\"premium-blog-thumbnail-container premium-blog-zoomin-effect\">\n\t\t\t\t\t\t\t<img decoding=\"async\" width=\"638\" height=\"372\" src=\"https:\/\/protect-lawyers.org\/wp-content\/uploads\/Bandera_bangladesh_1.jpg\" class=\"attachment-full size-full wp-image-14180\" alt=\"\" srcset=\"https:\/\/protect-lawyers.org\/wp-content\/uploads\/Bandera_bangladesh_1.jpg 638w, https:\/\/protect-lawyers.org\/wp-content\/uploads\/Bandera_bangladesh_1-300x175.jpg 300w, https:\/\/protect-lawyers.org\/wp-content\/uploads\/Bandera_bangladesh_1-590x344.jpg 590w, https:\/\/protect-lawyers.org\/wp-content\/uploads\/Bandera_bangladesh_1-577x336.jpg 577w\" sizes=\"(max-width: 638px) 100vw, 638px\" \/>\t\t\t\t\t\t<\/div>\n\t\t\t\t\t\t\t\t\t\t\t\t\t<div class=\"premium-blog-thumbnail-overlay\">\n\t\t\t\t\t\t\t\t<a class=\"elementor-icon\" href=\"https:\/\/protect-lawyers.org\/it\/bangladesh-des-avocats-arretes-poursuivis-apres-une-commemoration-pacifique\/\" target=\"_self\"><\/a>\n\t\t\t\t\t\t\t<\/div>\n\n\t\t\t\t\t\t\t\t\t\t\t\t\t\t\t\t\t\t<\/div>\n\t\t\t\t\t\t\t\t\t\t\t\t<div class=\"premium-blog-content-wrapper \">\n\n\t\t\t\t\t<div class=\"premium-blog-inner-container\">\n\n\t\t\t\t\t\t\t\t\t\t\t\t\t\t<h2 class=\"premium-blog-entry-title\">\n\t\t\t<a href=\"https:\/\/protect-lawyers.org\/it\/bangladesh-des-avocats-arretes-poursuivis-apres-une-commemoration-pacifique\/\" target=\"_self\">\n\t\t\t\tBangladesh : Des avocats arr\u00eat\u00e9s poursuivis apr\u00e8s une comm\u00e9moration pacifique\t\t\t<\/a>\n\t\t<\/h2>\n\t\t\t\t<div class=\"premium-blog-entry-meta\">\n\t\t\t\n\t\t\t\t\t\t\t<span class=\"premium-blog-meta-separator\">\u2022<\/span>\n\t\t\t\t<div class=\"premium-blog-post-time premium-blog-meta-data\">\n\t\t\t\t\t<i class=\"fa fa-calendar-alt\" aria-hidden=\"true\"><\/i>\n\t\t\t\t\t<span>10 Aprile 2026<\/span>\n\t\t\t\t<\/div>\n\t\t\t\n\t\t\t\n\t\t\t\t\t<\/div>\n\t\t\n\t\t\t\t\t<\/div>\n\n\t\t\t\t\t\t\t<div class=\"premium-blog-content-inner-wrapper\">\n\t\t<p class=\"premium-blog-post-content\">Me Monish Kanti Dey et Me Mizanur Rahman ont \u00e9t\u00e9 arr\u00eat\u00e9s dans la nuit du \u2026<\/p>\t\t<\/div>\n\t\t\t\t\t\t\t\n\t\t\t\t<\/div>\n\t\t\t<\/div>\n\t\t<\/div>\n\n\t\t\t\t<div class=\"premium-blog-post-outer-container\" data-total=\"15\">\n\t\t\t<div class=\"premium-blog-post-container premium-blog-skin-classic\">\n\t\t\t\t\t\t\t\t\t<div class=\"premium-blog-thumb-effect-wrapper\">\n\t\t\t\t\t\t<div class=\"premium-blog-thumbnail-container premium-blog-zoomin-effect\">\n\t\t\t\t\t\t\t<img loading=\"lazy\" decoding=\"async\" width=\"900\" height=\"400\" src=\"https:\/\/protect-lawyers.org\/wp-content\/uploads\/Collage.jpg\" class=\"attachment-full size-full wp-image-25453\" alt=\"\" srcset=\"https:\/\/protect-lawyers.org\/wp-content\/uploads\/Collage.jpg 900w, https:\/\/protect-lawyers.org\/wp-content\/uploads\/Collage-300x133.jpg 300w, https:\/\/protect-lawyers.org\/wp-content\/uploads\/Collage-768x341.jpg 768w, https:\/\/protect-lawyers.org\/wp-content\/uploads\/Collage-590x262.jpg 590w, https:\/\/protect-lawyers.org\/wp-content\/uploads\/Collage-577x256.jpg 577w\" sizes=\"(max-width: 900px) 100vw, 900px\" \/>\t\t\t\t\t\t<\/div>\n\t\t\t\t\t\t\t\t\t\t\t\t\t<div class=\"premium-blog-thumbnail-overlay\">\n\t\t\t\t\t\t\t\t<a class=\"elementor-icon\" href=\"https:\/\/protect-lawyers.org\/it\/lavocate-salvadorienne-ruth-lopez-laureate-du-prix-sir-henry-brooke-2026\/\" target=\"_self\"><\/a>\n\t\t\t\t\t\t\t<\/div>\n\n\t\t\t\t\t\t\t\t\t\t\t\t\t\t\t\t\t\t<\/div>\n\t\t\t\t\t\t\t\t\t\t\t\t<div class=\"premium-blog-content-wrapper \">\n\n\t\t\t\t\t<div class=\"premium-blog-inner-container\">\n\n\t\t\t\t\t\t\t\t\t\t\t\t\t\t<h2 class=\"premium-blog-entry-title\">\n\t\t\t<a href=\"https:\/\/protect-lawyers.org\/it\/lavocate-salvadorienne-ruth-lopez-laureate-du-prix-sir-henry-brooke-2026\/\" target=\"_self\">\n\t\t\t\tL&#8217;avocate salvadorienne Ruth L\u00f3pez laur\u00e9ate du Prix Sir Henry Brooke 2026\t\t\t<\/a>\n\t\t<\/h2>\n\t\t\t\t<div class=\"premium-blog-entry-meta\">\n\t\t\t\n\t\t\t\t\t\t\t<span class=\"premium-blog-meta-separator\">\u2022<\/span>\n\t\t\t\t<div class=\"premium-blog-post-time premium-blog-meta-data\">\n\t\t\t\t\t<i class=\"fa fa-calendar-alt\" aria-hidden=\"true\"><\/i>\n\t\t\t\t\t<span>6 Aprile 2026<\/span>\n\t\t\t\t<\/div>\n\t\t\t\n\t\t\t\n\t\t\t\t\t<\/div>\n\t\t\n\t\t\t\t\t<\/div>\n\n\t\t\t\t\t\t\t<div class=\"premium-blog-content-inner-wrapper\">\n\t\t<p class=\"premium-blog-post-content\">L&#8217;OIAD se r\u00e9jouit de l&#8217;attribution du Prix Sir Henry Brooke 2026 \u00e0 l&#8217;avocate salvadorienne Ruth \u2026<\/p>\t\t<\/div>\n\t\t\t\t\t\t\t\n\t\t\t\t<\/div>\n\t\t\t<\/div>\n\t\t<\/div>\n\n\t\t\t\t<div class=\"premium-blog-post-outer-container\" data-total=\"15\">\n\t\t\t<div class=\"premium-blog-post-container premium-blog-skin-classic\">\n\t\t\t\t\t\t\t\t\t<div class=\"premium-blog-thumb-effect-wrapper\">\n\t\t\t\t\t\t<div class=\"premium-blog-thumbnail-container premium-blog-zoomin-effect\">\n\t\t\t\t\t\t\t<img loading=\"lazy\" decoding=\"async\" width=\"638\" height=\"372\" src=\"https:\/\/protect-lawyers.org\/wp-content\/uploads\/Bandera-honduras.jpg\" class=\"attachment-full size-full wp-image-16283\" alt=\"\" srcset=\"https:\/\/protect-lawyers.org\/wp-content\/uploads\/Bandera-honduras.jpg 638w, https:\/\/protect-lawyers.org\/wp-content\/uploads\/Bandera-honduras-300x175.jpg 300w, https:\/\/protect-lawyers.org\/wp-content\/uploads\/Bandera-honduras-590x344.jpg 590w, https:\/\/protect-lawyers.org\/wp-content\/uploads\/Bandera-honduras-577x336.jpg 577w\" sizes=\"(max-width: 638px) 100vw, 638px\" \/>\t\t\t\t\t\t<\/div>\n\t\t\t\t\t\t\t\t\t\t\t\t\t<div class=\"premium-blog-thumbnail-overlay\">\n\t\t\t\t\t\t\t\t<a class=\"elementor-icon\" href=\"https:\/\/protect-lawyers.org\/it\/honduras-loiad-se-joint-a-la-declaration-commune-dorganisations-internationales-qui-soutiennent-le-rapport-du-giei-sur-lassassinat-de-berta-caceres\/\" target=\"_self\"><\/a>\n\t\t\t\t\t\t\t<\/div>\n\n\t\t\t\t\t\t\t\t\t\t\t\t\t\t\t\t\t\t<\/div>\n\t\t\t\t\t\t\t\t\t\t\t\t<div class=\"premium-blog-content-wrapper \">\n\n\t\t\t\t\t<div class=\"premium-blog-inner-container\">\n\n\t\t\t\t\t\t\t\t\t\t\t\t\t\t<h2 class=\"premium-blog-entry-title\">\n\t\t\t<a href=\"https:\/\/protect-lawyers.org\/it\/honduras-loiad-se-joint-a-la-declaration-commune-dorganisations-internationales-qui-soutiennent-le-rapport-du-giei-sur-lassassinat-de-berta-caceres\/\" target=\"_self\">\n\t\t\t\tHONDURAS : L&#8217;OIAD se joint \u00e0 la d\u00e9claration commune d\u2019organisations internationales qui soutiennent le rapport du GIEI sur l&#8217;assassinat de Berta C\u00e1ceres\t\t\t<\/a>\n\t\t<\/h2>\n\t\t\t\t<div class=\"premium-blog-entry-meta\">\n\t\t\t\n\t\t\t\t\t\t\t<span class=\"premium-blog-meta-separator\">\u2022<\/span>\n\t\t\t\t<div class=\"premium-blog-post-time premium-blog-meta-data\">\n\t\t\t\t\t<i class=\"fa fa-calendar-alt\" aria-hidden=\"true\"><\/i>\n\t\t\t\t\t<span>19 Marzo 2026<\/span>\n\t\t\t\t<\/div>\n\t\t\t\n\t\t\t\n\t\t\t\t\t<\/div>\n\t\t\n\t\t\t\t\t<\/div>\n\n\t\t\t\t\t\t\t<div class=\"premium-blog-content-inner-wrapper\">\n\t\t<p class=\"premium-blog-post-content\">L&#8217;OIAD a sign\u00e9 un communiqu\u00e9 conjoint aux c\u00f4t\u00e9s d\u2019autres organisations internationales en soutien au rapport \u2026<\/p>\t\t<\/div>\n\t\t\t\t\t\t\t\n\t\t\t\t<\/div>\n\t\t\t<\/div>\n\t\t<\/div>\n\n\t\t\t\t<div class=\"premium-blog-post-outer-container\" data-total=\"15\">\n\t\t\t<div class=\"premium-blog-post-container premium-blog-skin-classic\">\n\t\t\t\t\t\t\t\t\t<div class=\"premium-blog-thumb-effect-wrapper\">\n\t\t\t\t\t\t<div class=\"premium-blog-thumbnail-container premium-blog-zoomin-effect\">\n\t\t\t\t\t\t\t<img loading=\"lazy\" decoding=\"async\" width=\"1600\" height=\"1200\" src=\"https:\/\/protect-lawyers.org\/wp-content\/uploads\/GUATEMALA_Presentation-du-rapport-final.jpg\" class=\"attachment-full size-full wp-image-25255\" alt=\"\" srcset=\"https:\/\/protect-lawyers.org\/wp-content\/uploads\/GUATEMALA_Presentation-du-rapport-final.jpg 1600w, https:\/\/protect-lawyers.org\/wp-content\/uploads\/GUATEMALA_Presentation-du-rapport-final-300x225.jpg 300w, https:\/\/protect-lawyers.org\/wp-content\/uploads\/GUATEMALA_Presentation-du-rapport-final-1024x768.jpg 1024w, https:\/\/protect-lawyers.org\/wp-content\/uploads\/GUATEMALA_Presentation-du-rapport-final-768x576.jpg 768w, https:\/\/protect-lawyers.org\/wp-content\/uploads\/GUATEMALA_Presentation-du-rapport-final-1536x1152.jpg 1536w, https:\/\/protect-lawyers.org\/wp-content\/uploads\/GUATEMALA_Presentation-du-rapport-final-590x443.jpg 590w, https:\/\/protect-lawyers.org\/wp-content\/uploads\/GUATEMALA_Presentation-du-rapport-final-893x670.jpg 893w, https:\/\/protect-lawyers.org\/wp-content\/uploads\/GUATEMALA_Presentation-du-rapport-final-577x433.jpg 577w, https:\/\/protect-lawyers.org\/wp-content\/uploads\/GUATEMALA_Presentation-du-rapport-final-1200x900.jpg 1200w\" sizes=\"(max-width: 1600px) 100vw, 1600px\" \/>\t\t\t\t\t\t<\/div>\n\t\t\t\t\t\t\t\t\t\t\t\t\t<div class=\"premium-blog-thumbnail-overlay\">\n\t\t\t\t\t\t\t\t<a class=\"elementor-icon\" href=\"https:\/\/protect-lawyers.org\/it\/guatemala-presentation-du-rapport-final-de-la-mission-internationale-de-juristes-sur-la-situation-des-avocats-et-lindependance-judiciaire-a-guatemala-city\/\" target=\"_self\"><\/a>\n\t\t\t\t\t\t\t<\/div>\n\n\t\t\t\t\t\t\t\t\t\t\t\t\t\t\t\t\t\t<\/div>\n\t\t\t\t\t\t\t\t\t\t\t\t<div class=\"premium-blog-content-wrapper \">\n\n\t\t\t\t\t<div class=\"premium-blog-inner-container\">\n\n\t\t\t\t\t\t\t\t\t\t\t\t\t\t<h2 class=\"premium-blog-entry-title\">\n\t\t\t<a href=\"https:\/\/protect-lawyers.org\/it\/guatemala-presentation-du-rapport-final-de-la-mission-internationale-de-juristes-sur-la-situation-des-avocats-et-lindependance-judiciaire-a-guatemala-city\/\" target=\"_self\">\n\t\t\t\tGUATEMALA : Pr\u00e9sentation du rapport final de la Mission internationale de juristes sur la situation des avocats et l&#8217;ind\u00e9pendance judiciaire \u00e0 Guatemala City\t\t\t<\/a>\n\t\t<\/h2>\n\t\t\t\t<div class=\"premium-blog-entry-meta\">\n\t\t\t\n\t\t\t\t\t\t\t<span class=\"premium-blog-meta-separator\">\u2022<\/span>\n\t\t\t\t<div class=\"premium-blog-post-time premium-blog-meta-data\">\n\t\t\t\t\t<i class=\"fa fa-calendar-alt\" aria-hidden=\"true\"><\/i>\n\t\t\t\t\t<span>13 Marzo 2026<\/span>\n\t\t\t\t<\/div>\n\t\t\t\n\t\t\t\n\t\t\t\t\t<\/div>\n\t\t\n\t\t\t\t\t<\/div>\n\n\t\t\t\t\t\t\t<div class=\"premium-blog-content-inner-wrapper\">\n\t\t<p class=\"premium-blog-post-content\">Le rapport final de la Mission internationale de juristes pour le Guatemala, \u00e0 laquelle a \u2026<\/p>\t\t<\/div>\n\t\t\t\t\t\t\t\n\t\t\t\t<\/div>\n\t\t\t<\/div>\n\t\t<\/div>\n\n\t\t\t\t<div class=\"premium-blog-post-outer-container\" data-total=\"15\">\n\t\t\t<div class=\"premium-blog-post-container premium-blog-skin-classic\">\n\t\t\t\t\t\t\t\t\t<div class=\"premium-blog-thumb-effect-wrapper\">\n\t\t\t\t\t\t<div class=\"premium-blog-thumbnail-container premium-blog-zoomin-effect\">\n\t\t\t\t\t\t\t<img loading=\"lazy\" decoding=\"async\" width=\"1117\" height=\"627\" src=\"https:\/\/protect-lawyers.org\/wp-content\/uploads\/Joint-Statement-condemning-Denial.png\" class=\"attachment-full size-full wp-image-25067\" alt=\"\" srcset=\"https:\/\/protect-lawyers.org\/wp-content\/uploads\/Joint-Statement-condemning-Denial.png 1117w, https:\/\/protect-lawyers.org\/wp-content\/uploads\/Joint-Statement-condemning-Denial-300x168.png 300w, https:\/\/protect-lawyers.org\/wp-content\/uploads\/Joint-Statement-condemning-Denial-1024x575.png 1024w, https:\/\/protect-lawyers.org\/wp-content\/uploads\/Joint-Statement-condemning-Denial-768x431.png 768w, https:\/\/protect-lawyers.org\/wp-content\/uploads\/Joint-Statement-condemning-Denial-590x331.png 590w, https:\/\/protect-lawyers.org\/wp-content\/uploads\/Joint-Statement-condemning-Denial-577x324.png 577w\" sizes=\"(max-width: 1117px) 100vw, 1117px\" \/>\t\t\t\t\t\t<\/div>\n\t\t\t\t\t\t\t\t\t\t\t\t\t<div class=\"premium-blog-thumbnail-overlay\">\n\t\t\t\t\t\t\t\t<a class=\"elementor-icon\" href=\"https:\/\/protect-lawyers.org\/it\/dichiarazione-congiunta-di-condanna-del-diniego-di-accesso-allassistenza-legale-e-dellarresto-di-avvocati-in-iran\/\" target=\"_self\"><\/a>\n\t\t\t\t\t\t\t<\/div>\n\n\t\t\t\t\t\t\t\t\t\t\t\t\t\t\t\t\t\t<\/div>\n\t\t\t\t\t\t\t\t\t\t\t\t<div class=\"premium-blog-content-wrapper \">\n\n\t\t\t\t\t<div class=\"premium-blog-inner-container\">\n\n\t\t\t\t\t\t\t\t\t\t\t\t\t\t<h2 class=\"premium-blog-entry-title\">\n\t\t\t<a href=\"https:\/\/protect-lawyers.org\/it\/dichiarazione-congiunta-di-condanna-del-diniego-di-accesso-allassistenza-legale-e-dellarresto-di-avvocati-in-iran\/\" target=\"_self\">\n\t\t\t\tDichiarazione Congiunta di condanna del diniego di accesso all\u2019assistenza legale e dell\u2019arresto di avvocati in Iran.\t\t\t<\/a>\n\t\t<\/h2>\n\t\t\t\t<div class=\"premium-blog-entry-meta\">\n\t\t\t\n\t\t\t\t\t\t\t<span class=\"premium-blog-meta-separator\">\u2022<\/span>\n\t\t\t\t<div class=\"premium-blog-post-time premium-blog-meta-data\">\n\t\t\t\t\t<i class=\"fa fa-calendar-alt\" aria-hidden=\"true\"><\/i>\n\t\t\t\t\t<span>10 Febbraio 2026<\/span>\n\t\t\t\t<\/div>\n\t\t\t\n\t\t\t\n\t\t\t\t\t<\/div>\n\t\t\n\t\t\t\t\t<\/div>\n\n\t\t\t\t\t\t\t<div class=\"premium-blog-content-inner-wrapper\">\n\t\t<p class=\"premium-blog-post-content\">L\u2019Osservatorio Internazionale degli Avvocati in Pericolo (OIAD) e le organizzazioni e i membri della comunit\u00e0 \u2026<\/p>\t\t<\/div>\n\t\t\t\t\t\t\t\n\t\t\t\t<\/div>\n\t\t\t<\/div>\n\t\t<\/div>\n\n\t\t\t\t<div class=\"premium-blog-post-outer-container\" data-total=\"15\">\n\t\t\t<div class=\"premium-blog-post-container premium-blog-skin-classic\">\n\t\t\t\t\t\t\t\t\t<div class=\"premium-blog-thumb-effect-wrapper\">\n\t\t\t\t\t\t<div class=\"premium-blog-thumbnail-container premium-blog-zoomin-effect\">\n\t\t\t\t\t\t\t<img loading=\"lazy\" decoding=\"async\" width=\"1620\" height=\"911\" src=\"https:\/\/protect-lawyers.org\/wp-content\/uploads\/Patchwork-JM-2026_2.jpg\" class=\"attachment-full size-full wp-image-25049\" alt=\"\" srcset=\"https:\/\/protect-lawyers.org\/wp-content\/uploads\/Patchwork-JM-2026_2.jpg 1620w, https:\/\/protect-lawyers.org\/wp-content\/uploads\/Patchwork-JM-2026_2-300x169.jpg 300w, https:\/\/protect-lawyers.org\/wp-content\/uploads\/Patchwork-JM-2026_2-1024x576.jpg 1024w, https:\/\/protect-lawyers.org\/wp-content\/uploads\/Patchwork-JM-2026_2-768x432.jpg 768w, https:\/\/protect-lawyers.org\/wp-content\/uploads\/Patchwork-JM-2026_2-1536x864.jpg 1536w, https:\/\/protect-lawyers.org\/wp-content\/uploads\/Patchwork-JM-2026_2-590x332.jpg 590w, https:\/\/protect-lawyers.org\/wp-content\/uploads\/Patchwork-JM-2026_2-1191x670.jpg 1191w, https:\/\/protect-lawyers.org\/wp-content\/uploads\/Patchwork-JM-2026_2-577x324.jpg 577w, https:\/\/protect-lawyers.org\/wp-content\/uploads\/Patchwork-JM-2026_2-1200x675.jpg 1200w\" sizes=\"(max-width: 1620px) 100vw, 1620px\" \/>\t\t\t\t\t\t<\/div>\n\t\t\t\t\t\t\t\t\t\t\t\t\t<div class=\"premium-blog-thumbnail-overlay\">\n\t\t\t\t\t\t\t\t<a class=\"elementor-icon\" href=\"https:\/\/protect-lawyers.org\/it\/journee-mondiale-de-lavocat-e-en-danger-2026-etats-unis-quand-lindependance-de-la-defense-est-mise-a-lepreuve\/\" target=\"_self\"><\/a>\n\t\t\t\t\t\t\t<\/div>\n\n\t\t\t\t\t\t\t\t\t\t\t\t\t\t\t\t\t\t<\/div>\n\t\t\t\t\t\t\t\t\t\t\t\t<div class=\"premium-blog-content-wrapper \">\n\n\t\t\t\t\t<div class=\"premium-blog-inner-container\">\n\n\t\t\t\t\t\t\t\t\t\t\t\t\t\t<h2 class=\"premium-blog-entry-title\">\n\t\t\t<a href=\"https:\/\/protect-lawyers.org\/it\/journee-mondiale-de-lavocat-e-en-danger-2026-etats-unis-quand-lindependance-de-la-defense-est-mise-a-lepreuve\/\" target=\"_self\">\n\t\t\t\tGiornata internazionale dell\u2019avvocato\/a in pericolo 2026 \u2013 Stati Uniti: quando l\u2019indipendenza della difesa \u00e8 messa alla prova\t\t\t<\/a>\n\t\t<\/h2>\n\t\t\t\t<div class=\"premium-blog-entry-meta\">\n\t\t\t\n\t\t\t\t\t\t\t<span class=\"premium-blog-meta-separator\">\u2022<\/span>\n\t\t\t\t<div class=\"premium-blog-post-time premium-blog-meta-data\">\n\t\t\t\t\t<i class=\"fa fa-calendar-alt\" aria-hidden=\"true\"><\/i>\n\t\t\t\t\t<span>9 Febbraio 2026<\/span>\n\t\t\t\t<\/div>\n\t\t\t\n\t\t\t\n\t\t\t\t\t<\/div>\n\t\t\n\t\t\t\t\t<\/div>\n\n\t\t\t\t\t\t\t<div class=\"premium-blog-content-inner-wrapper\">\n\t\t<p class=\"premium-blog-post-content\">La Giornata internazionale dell\u2019avvocato\/a in pericolo 2026 ha posto gli Stati Uniti al centro dell\u2019attenzione \u2026<\/p>\t\t<\/div>\n\t\t\t\t\t\t\t\n\t\t\t\t<\/div>\n\t\t\t<\/div>\n\t\t<\/div>\n\n\t\t\t\t<div class=\"premium-blog-post-outer-container\" data-total=\"15\">\n\t\t\t<div class=\"premium-blog-post-container premium-blog-skin-classic\">\n\t\t\t\t\t\t\t\t\t<div class=\"premium-blog-thumb-effect-wrapper\">\n\t\t\t\t\t\t<div class=\"premium-blog-thumbnail-container premium-blog-zoomin-effect\">\n\t\t\t\t\t\t\t<img loading=\"lazy\" decoding=\"async\" width=\"638\" height=\"372\" src=\"https:\/\/protect-lawyers.org\/wp-content\/uploads\/Bandera_pakistan_1.jpg\" class=\"attachment-full size-full wp-image-14290\" alt=\"\" srcset=\"https:\/\/protect-lawyers.org\/wp-content\/uploads\/Bandera_pakistan_1.jpg 638w, https:\/\/protect-lawyers.org\/wp-content\/uploads\/Bandera_pakistan_1-300x175.jpg 300w, https:\/\/protect-lawyers.org\/wp-content\/uploads\/Bandera_pakistan_1-590x344.jpg 590w, https:\/\/protect-lawyers.org\/wp-content\/uploads\/Bandera_pakistan_1-577x336.jpg 577w\" sizes=\"(max-width: 638px) 100vw, 638px\" \/>\t\t\t\t\t\t<\/div>\n\t\t\t\t\t\t\t\t\t\t\t\t\t<div class=\"premium-blog-thumbnail-overlay\">\n\t\t\t\t\t\t\t\t<a class=\"elementor-icon\" href=\"https:\/\/protect-lawyers.org\/it\/pakistan-arresto-arbitrario-e-condanna-degli-avvocati-specializzati-nella-difesa-dei-diritti-umani-imaan-zainab-mazari-hazir-e-hadi-ali-chattha\/\" target=\"_self\"><\/a>\n\t\t\t\t\t\t\t<\/div>\n\n\t\t\t\t\t\t\t\t\t\t\t\t\t\t\t\t\t\t<\/div>\n\t\t\t\t\t\t\t\t\t\t\t\t<div class=\"premium-blog-content-wrapper \">\n\n\t\t\t\t\t<div class=\"premium-blog-inner-container\">\n\n\t\t\t\t\t\t\t\t\t\t\t\t\t\t<h2 class=\"premium-blog-entry-title\">\n\t\t\t<a href=\"https:\/\/protect-lawyers.org\/it\/pakistan-arresto-arbitrario-e-condanna-degli-avvocati-specializzati-nella-difesa-dei-diritti-umani-imaan-zainab-mazari-hazir-e-hadi-ali-chattha\/\" target=\"_self\">\n\t\t\t\tPakistan : arresto arbitrario e condanna degli avvocati specializzati nella difesa  dei diritti umani Imaan Zainab Mazari-Hazir e Hadi Ali Chattha\t\t\t<\/a>\n\t\t<\/h2>\n\t\t\t\t<div class=\"premium-blog-entry-meta\">\n\t\t\t\n\t\t\t\t\t\t\t<span class=\"premium-blog-meta-separator\">\u2022<\/span>\n\t\t\t\t<div class=\"premium-blog-post-time premium-blog-meta-data\">\n\t\t\t\t\t<i class=\"fa fa-calendar-alt\" aria-hidden=\"true\"><\/i>\n\t\t\t\t\t<span>29 Gennaio 2026<\/span>\n\t\t\t\t<\/div>\n\t\t\t\n\t\t\t\n\t\t\t\t\t<\/div>\n\t\t\n\t\t\t\t\t<\/div>\n\n\t\t\t\t\t\t\t<div class=\"premium-blog-content-inner-wrapper\">\n\t\t<p class=\"premium-blog-post-content\">Le organizzazioni firmatarie condannano con fermezza l&#8217;arresto arbitrario e la conseguente condanna degli avvocati pakistani \u2026<\/p>\t\t<\/div>\n\t\t\t\t\t\t\t\n\t\t\t\t<\/div>\n\t\t\t<\/div>\n\t\t<\/div>\n\n\t\t\t\t\t\t\t<\/div>\n\n\t\t\t\t\t<div class=\"premium-blog-footer\">\n\t\t\t\t\t\t\t<nav class=\"premium-blog-pagination-container\" role=\"navigation\" aria-label=\"Pagination\">\n\t\t\t\t<span aria-current=\"page\" class=\"page-numbers current\">1<\/span>\n<a class=\"page-numbers\" href=\"https:\/\/protect-lawyers.org\/it\/wp-json\/wp\/v2\/pages\/2666\/page\/2\/\">2<\/a>\n<a class=\"page-numbers\" href=\"https:\/\/protect-lawyers.org\/it\/wp-json\/wp\/v2\/pages\/2666\/page\/3\/\">3<\/a>\n<span class=\"page-numbers dots\">&hellip;<\/span>\n<a class=\"page-numbers\" href=\"https:\/\/protect-lawyers.org\/it\/wp-json\/wp\/v2\/pages\/2666\/page\/9\/\">9<\/a>\n<a class=\"next page-numbers\" href=\"https:\/\/protect-lawyers.org\/it\/wp-json\/wp\/v2\/pages\/2666\/page\/2\/\">Prossimo \u00bb<\/a>\t\t\t<\/nav>\n\t\t\t\t\t\t<\/div>\n\t\t\n\t\t\n\t\t\t\t\t\t<\/div>\n\t\t\t\t<\/div>\n\t\t\t\t\t<\/div>\n\t\t<\/div>\n\t\t\t\t\t<\/div>\n\t\t<\/section>\n\t\t\t\t<\/div>\n\t\t","protected":false},"excerpt":{"rendered":"<p>FORMATION : Atelier sur la s\u00e9curit\u00e9 et les risques psychosociaux pour les avocats d\u00e9fenseurs des droits humains FORMATION : Atelier sur la s\u00e9curit\u00e9 et les risques psychosociaux pour les avocats d\u00e9fenseurs des droits humains \u2022 f\u00e9vrier 17, 2025 L\u2019Observatoire international des avocats en danger (OIAD) organise un\u00a0atelier de formation sur la s\u00e9curit\u00e9 et \u2026 GUATEMALA [&hellip;]<\/p>\n","protected":false},"author":1,"featured_media":0,"parent":0,"menu_order":0,"comment_status":"closed","ping_status":"closed","template":"","meta":{"footnotes":""},"class_list":["post-2666","page","type-page","status-publish","hentry"],"_links":{"self":[{"href":"https:\/\/protect-lawyers.org\/it\/wp-json\/wp\/v2\/pages\/2666","targetHints":{"allow":["GET"]}}],"collection":[{"href":"https:\/\/protect-lawyers.org\/it\/wp-json\/wp\/v2\/pages"}],"about":[{"href":"https:\/\/protect-lawyers.org\/it\/wp-json\/wp\/v2\/types\/page"}],"author":[{"embeddable":true,"href":"https:\/\/protect-lawyers.org\/it\/wp-json\/wp\/v2\/users\/1"}],"replies":[{"embeddable":true,"href":"https:\/\/protect-lawyers.org\/it\/wp-json\/wp\/v2\/comments?post=2666"}],"version-history":[{"count":7,"href":"https:\/\/protect-lawyers.org\/it\/wp-json\/wp\/v2\/pages\/2666\/revisions"}],"predecessor-version":[{"id":21140,"href":"https:\/\/protect-lawyers.org\/it\/wp-json\/wp\/v2\/pages\/2666\/revisions\/21140"}],"wp:attachment":[{"href":"https:\/\/protect-lawyers.org\/it\/wp-json\/wp\/v2\/media?parent=2666"}],"curies":[{"name":"wp","href":"https:\/\/api.w.org\/{rel}","templated":true}]}}